{"id":1626,"date":"2021-06-15T12:08:37","date_gmt":"2021-06-15T10:08:37","guid":{"rendered":"https:\/\/lesplantesdisa.fr\/?page_id=1626"},"modified":"2021-08-25T10:09:22","modified_gmt":"2021-08-25T08:09:22","slug":"qui-sommes-nous","status":"publish","type":"page","link":"https:\/\/lesplantesdisa.fr\/qui-sommes-nous\/","title":{"rendered":"Qui sommes-nous ?"},"content":{"rendered":"\t\t<div data-elementor-type=\"wp-page\" data-elementor-id=\"1626\" class=\"elementor elementor-1626\" data-elementor-settings=\"[]\">\n\t\t\t\t\t\t<div class=\"elementor-inner\">\n\t\t\t\t\t\t\t<div class=\"elementor-section-wrap\">\n\t\t\t\t\t\t\t<section class=\"elementor-section elementor-top-section elementor-element elementor-element-4e395066 elementor-section-stretched elementor-section-full_width elementor-section-height-default elementor-section-height-default\" data-id=\"4e395066\" data-element_type=\"section\" data-settings=\"{&quot;stretch_section&quot;:&quot;section-stretched&quot;}\">\n\t\t\t\t\t\t<div class=\"elementor-container elementor-column-gap-no\">\n\t\t\t\t\t\t\t<div class=\"elementor-row\">\n\t\t\t\t\t<div class=\"elementor-column elementor-col-100 elementor-top-column elementor-element elementor-element-4ddd11b4\" data-id=\"4ddd11b4\" data-element_type=\"column\">\n\t\t\t<div class=\"elementor-column-wrap elementor-element-populated\">\n\t\t\t\t\t\t\t<div class=\"elementor-widget-wrap\">\n\t\t\t\t\t\t<div class=\"elementor-element elementor-element-653400ee elementor--h-position-center elementor--v-position-middle elementor-arrows-position-inside elementor-pagination-position-inside elementor-widget elementor-widget-slides\" data-id=\"653400ee\" data-element_type=\"widget\" data-settings=\"{&quot;navigation&quot;:&quot;both&quot;,&quot;autoplay&quot;:&quot;yes&quot;,&quot;pause_on_hover&quot;:&quot;yes&quot;,&quot;pause_on_interaction&quot;:&quot;yes&quot;,&quot;autoplay_speed&quot;:5000,&quot;infinite&quot;:&quot;yes&quot;,&quot;transition&quot;:&quot;slide&quot;,&quot;transition_speed&quot;:500}\" data-widget_type=\"slides.default\">\n\t\t\t\t<div class=\"elementor-widget-container\">\n\t\t\t\t\t<div class=\"elementor-swiper\">\n\t\t\t<div class=\"elementor-slides-wrapper elementor-main-swiper swiper-container\" dir=\"ltr\" data-animation=\"fadeInUp\">\n\t\t\t\t<div class=\"swiper-wrapper elementor-slides\">\n\t\t\t\t\t\t\t\t\t\t<div class=\"elementor-repeater-item-a5af3e5 swiper-slide\"><div class=\"swiper-slide-bg\"><\/div><div class=\"elementor-background-overlay\"><\/div><div class=\"swiper-slide-inner\" ><div class=\"swiper-slide-contents\"><div class=\"elementor-slide-heading\">Les plantes d'Isa<\/div><div class=\"elementor-slide-description\">Paysanne Herboriste en C\u00e9vennes<\/div><a href=\"https:\/\/lesplantesdisa.fr\/contact\/#ancre\" class=\"elementor-button elementor-slide-button elementor-size-md\">Contactez-nous<\/a><\/div><\/div><\/div>\t\t\t\t<\/div>\n\t\t\t\t\t\t\t<\/div>\n\t\t<\/div>\n\t\t\t\t<\/div>\n\t\t\t\t<\/div>\n\t\t\t\t\t\t<\/div>\n\t\t\t\t\t<\/div>\n\t\t<\/div>\n\t\t\t\t\t\t\t\t<\/div>\n\t\t\t\t\t<\/div>\n\t\t<\/section>\n\t\t\t\t<section class=\"elementor-section elementor-top-section elementor-element elementor-element-8f9d8e2 elementor-section-boxed elementor-section-height-default elementor-section-height-default\" data-id=\"8f9d8e2\" data-element_type=\"section\" id=\"contact1\" data-settings=\"{&quot;background_background&quot;:&quot;classic&quot;}\">\n\t\t\t\t\t\t<div class=\"elementor-container elementor-column-gap-default\">\n\t\t\t\t\t\t\t<div class=\"elementor-row\">\n\t\t\t\t\t<div class=\"elementor-column elementor-col-100 elementor-top-column elementor-element elementor-element-364da3c3\" data-id=\"364da3c3\" data-element_type=\"column\">\n\t\t\t<div class=\"elementor-column-wrap elementor-element-populated\">\n\t\t\t\t\t\t\t<div class=\"elementor-widget-wrap\">\n\t\t\t\t\t\t<div class=\"elementor-element elementor-element-15cc735a elementor-align-left elementor-icon-list--layout-traditional elementor-list-item-link-full_width elementor-widget elementor-widget-icon-list\" data-id=\"15cc735a\" data-element_type=\"widget\" data-widget_type=\"icon-list.default\">\n\t\t\t\t<div class=\"elementor-widget-container\">\n\t\t\t\t\t<ul class=\"elementor-icon-list-items\">\n\t\t\t\t\t\t\t<li class=\"elementor-icon-list-item\">\n\t\t\t\t\t\t\t\t\t\t\t<a href=\"tel:0609020165\">\n\n\t\t\t\t\t\t\t\t\t\t\t\t<span class=\"elementor-icon-list-icon\">\n\t\t\t\t\t\t\t<i aria-hidden=\"true\" class=\"fas fa-phone-alt\"><\/i>\t\t\t\t\t\t<\/span>\n\t\t\t\t\t\t\t\t\t\t<span class=\"elementor-icon-list-text\">T\u00e9l\u00e9phone<\/span>\n\t\t\t\t\t\t\t\t\t\t\t<\/a>\n\t\t\t\t\t\t\t\t\t<\/li>\n\t\t\t\t\t\t\t\t<li class=\"elementor-icon-list-item\">\n\t\t\t\t\t\t\t\t\t\t\t<a href=\"mailto:isabelle.florins@sfr.fr\">\n\n\t\t\t\t\t\t\t\t\t\t\t\t<span class=\"elementor-icon-list-icon\">\n\t\t\t\t\t\t\t<i aria-hidden=\"true\" class=\"fas fa-envelope\"><\/i>\t\t\t\t\t\t<\/span>\n\t\t\t\t\t\t\t\t\t\t<span class=\"elementor-icon-list-text\">Mail<\/span>\n\t\t\t\t\t\t\t\t\t\t\t<\/a>\n\t\t\t\t\t\t\t\t\t<\/li>\n\t\t\t\t\t\t\t\t<li class=\"elementor-icon-list-item\">\n\t\t\t\t\t\t\t\t\t\t\t<a href=\"https:\/\/www.facebook.com\/LesPlantesdIsa\" target=\"_blank\">\n\n\t\t\t\t\t\t\t\t\t\t\t\t<span class=\"elementor-icon-list-icon\">\n\t\t\t\t\t\t\t<i aria-hidden=\"true\" class=\"fab fa-facebook-f\"><\/i>\t\t\t\t\t\t<\/span>\n\t\t\t\t\t\t\t\t\t\t<span class=\"elementor-icon-list-text\">Facebook<\/span>\n\t\t\t\t\t\t\t\t\t\t\t<\/a>\n\t\t\t\t\t\t\t\t\t<\/li>\n\t\t\t\t\t\t<\/ul>\n\t\t\t\t<\/div>\n\t\t\t\t<\/div>\n\t\t\t\t\t\t<\/div>\n\t\t\t\t\t<\/div>\n\t\t<\/div>\n\t\t\t\t\t\t\t\t<\/div>\n\t\t\t\t\t<\/div>\n\t\t<\/section>\n\t\t\t\t<section class=\"elementor-section elementor-top-section elementor-element elementor-element-123f082d elementor-section-stretched elementor-section-boxed elementor-section-height-default elementor-section-height-default\" data-id=\"123f082d\" data-element_type=\"section\" id=\"ancre\" data-settings=\"{&quot;stretch_section&quot;:&quot;section-stretched&quot;,&quot;background_background&quot;:&quot;classic&quot;}\">\n\t\t\t\t\t\t<div class=\"elementor-container elementor-column-gap-default\">\n\t\t\t\t\t\t\t<div class=\"elementor-row\">\n\t\t\t\t\t<div class=\"elementor-column elementor-col-100 elementor-top-column elementor-element elementor-element-2b075ebe\" data-id=\"2b075ebe\" data-element_type=\"column\">\n\t\t\t<div class=\"elementor-column-wrap elementor-element-populated\">\n\t\t\t\t\t\t\t<div class=\"elementor-widget-wrap\">\n\t\t\t\t\t\t<div class=\"elementor-element elementor-element-53608620 elementor-widget elementor-widget-menu-anchor\" data-id=\"53608620\" data-element_type=\"widget\" data-widget_type=\"menu-anchor.default\">\n\t\t\t\t<div class=\"elementor-widget-container\">\n\t\t\t\t\t<div id=\"ancre\" class=\"elementor-menu-anchor\"><\/div>\n\t\t\t\t<\/div>\n\t\t\t\t<\/div>\n\t\t\t\t\t\t<\/div>\n\t\t\t\t\t<\/div>\n\t\t<\/div>\n\t\t\t\t\t\t\t\t<\/div>\n\t\t\t\t\t<\/div>\n\t\t<\/section>\n\t\t\t\t<section class=\"elementor-section elementor-top-section elementor-element elementor-element-4092d310 elementor-section-stretched elementor-section-boxed elementor-section-height-default elementor-section-height-default\" data-id=\"4092d310\" data-element_type=\"section\" data-settings=\"{&quot;stretch_section&quot;:&quot;section-stretched&quot;,&quot;background_background&quot;:&quot;classic&quot;}\">\n\t\t\t\t\t\t<div class=\"elementor-container elementor-column-gap-default\">\n\t\t\t\t\t\t\t<div class=\"elementor-row\">\n\t\t\t\t\t<div class=\"elementor-column elementor-col-100 elementor-top-column elementor-element elementor-element-584aad80\" data-id=\"584aad80\" data-element_type=\"column\">\n\t\t\t<div class=\"elementor-column-wrap elementor-element-populated\">\n\t\t\t\t\t\t\t<div class=\"elementor-widget-wrap\">\n\t\t\t\t\t\t<div class=\"elementor-element elementor-element-17989f40 animated-slow elementor-invisible elementor-widget elementor-widget-heading\" data-id=\"17989f40\" data-element_type=\"widget\" data-settings=\"{&quot;_animation&quot;:&quot;fadeIn&quot;}\" data-widget_type=\"heading.default\">\n\t\t\t\t<div class=\"elementor-widget-container\">\n\t\t\t<h1 class=\"elementor-heading-title elementor-size-default\">Herboristerie bio pr\u00e8s d\u2019Al\u00e8s - Les Plantes d'Isa  <span style=\"font-family: Roboto, Helvetica, Arial, sans-serif; font-size: 2.1em;\"><\/span><br><\/h1>\t\t<\/div>\n\t\t\t\t<\/div>\n\t\t\t\t<div class=\"elementor-element elementor-element-7cddcded elementor-widget-divider--view-line elementor-widget elementor-widget-divider\" data-id=\"7cddcded\" data-element_type=\"widget\" data-widget_type=\"divider.default\">\n\t\t\t\t<div class=\"elementor-widget-container\">\n\t\t\t\t\t<div class=\"elementor-divider\">\n\t\t\t<span class=\"elementor-divider-separator\">\n\t\t\t\t\t\t<\/span>\n\t\t<\/div>\n\t\t\t\t<\/div>\n\t\t\t\t<\/div>\n\t\t\t\t<div class=\"elementor-element elementor-element-268dfb37 elementor-widget elementor-widget-text-editor\" data-id=\"268dfb37\" data-element_type=\"widget\" data-widget_type=\"text-editor.default\">\n\t\t\t\t<div class=\"elementor-widget-container\">\n\t\t\t\t\t\t\t\t<div class=\"elementor-text-editor elementor-clearfix\">\n\t\t\t\t<p>L\u2019<a href=\"\/\" target=\"_blank\" rel=\"noopener\"><b>herboristerie pr\u00e8s d\u2019Al\u00e8s<\/b><\/a>\u00a0<span style=\"background-color: #ffffff;\">Les Plantes d\u2019Isa<\/span>\u00a0 est un producteur de plantes aromatiques et m\u00e9dicinales Bio.<\/p>\t\t\t\t\t<\/div>\n\t\t\t\t\t\t<\/div>\n\t\t\t\t<\/div>\n\t\t\t\t\t\t<\/div>\n\t\t\t\t\t<\/div>\n\t\t<\/div>\n\t\t\t\t\t\t\t\t<\/div>\n\t\t\t\t\t<\/div>\n\t\t<\/section>\n\t\t\t\t<section class=\"elementor-section elementor-top-section elementor-element elementor-element-78446943 elementor-section-content-middle elementor-section-stretched elementor-section-boxed elementor-section-height-default elementor-section-height-default\" data-id=\"78446943\" data-element_type=\"section\" data-settings=\"{&quot;background_background&quot;:&quot;classic&quot;,&quot;stretch_section&quot;:&quot;section-stretched&quot;}\">\n\t\t\t\t\t\t<div class=\"elementor-container elementor-column-gap-default\">\n\t\t\t\t\t\t\t<div class=\"elementor-row\">\n\t\t\t\t\t<div class=\"elementor-column elementor-col-50 elementor-top-column elementor-element elementor-element-52cd110e\" data-id=\"52cd110e\" data-element_type=\"column\">\n\t\t\t<div class=\"elementor-column-wrap elementor-element-populated\">\n\t\t\t\t\t\t\t<div class=\"elementor-widget-wrap\">\n\t\t\t\t\t\t<div class=\"elementor-element elementor-element-52ae3c71 elementor-widget elementor-widget-image\" data-id=\"52ae3c71\" data-element_type=\"widget\" data-widget_type=\"image.default\">\n\t\t\t\t<div class=\"elementor-widget-container\">\n\t\t\t\t\t\t\t\t<div class=\"elementor-image\">\n\t\t\t\t\t\t\t\t\t\t\t\t<img decoding=\"async\" width=\"1165\" height=\"895\" src=\"https:\/\/lesplantesdisa.fr\/wp-content\/uploads\/2021\/07\/BandeauISA.jpg\" class=\"attachment-full size-full\" alt=\"Isabelle et son stand d&#039;Herboristerie bio pr\u00e9s Al\u00e8s\" srcset=\"https:\/\/lesplantesdisa.fr\/wp-content\/uploads\/2021\/07\/BandeauISA.jpg 1165w, https:\/\/lesplantesdisa.fr\/wp-content\/uploads\/2021\/07\/BandeauISA-300x230.jpg 300w, https:\/\/lesplantesdisa.fr\/wp-content\/uploads\/2021\/07\/BandeauISA-1024x787.jpg 1024w, https:\/\/lesplantesdisa.fr\/wp-content\/uploads\/2021\/07\/BandeauISA-768x590.jpg 768w, https:\/\/lesplantesdisa.fr\/wp-content\/uploads\/2021\/07\/BandeauISA-600x461.jpg 600w\" sizes=\"(max-width: 1165px) 100vw, 1165px\" \/>\t\t\t\t\t\t\t\t\t\t\t\t\t\t<\/div>\n\t\t\t\t\t\t<\/div>\n\t\t\t\t<\/div>\n\t\t\t\t\t\t<\/div>\n\t\t\t\t\t<\/div>\n\t\t<\/div>\n\t\t\t\t<div class=\"elementor-column elementor-col-50 elementor-top-column elementor-element elementor-element-2b076cd\" data-id=\"2b076cd\" data-element_type=\"column\">\n\t\t\t<div class=\"elementor-column-wrap elementor-element-populated\">\n\t\t\t\t\t\t\t<div class=\"elementor-widget-wrap\">\n\t\t\t\t\t\t<div class=\"elementor-element elementor-element-18c1e477 elementor-invisible elementor-widget elementor-widget-heading\" data-id=\"18c1e477\" data-element_type=\"widget\" data-settings=\"{&quot;_animation&quot;:&quot;fadeInRight&quot;}\" data-widget_type=\"heading.default\">\n\t\t\t\t<div class=\"elementor-widget-container\">\n\t\t\t<h2 class=\"elementor-heading-title elementor-size-default\">Vente de plantes m\u00e9dicinales et aromatiques de qualit\u00e9<\/h2>\t\t<\/div>\n\t\t\t\t<\/div>\n\t\t\t\t<div class=\"elementor-element elementor-element-481f23da elementor-widget-divider--view-line elementor-invisible elementor-widget elementor-widget-divider\" data-id=\"481f23da\" data-element_type=\"widget\" data-settings=\"{&quot;_animation&quot;:&quot;fadeInRight&quot;}\" data-widget_type=\"divider.default\">\n\t\t\t\t<div class=\"elementor-widget-container\">\n\t\t\t\t\t<div class=\"elementor-divider\">\n\t\t\t<span class=\"elementor-divider-separator\">\n\t\t\t\t\t\t<\/span>\n\t\t<\/div>\n\t\t\t\t<\/div>\n\t\t\t\t<\/div>\n\t\t\t\t<div class=\"elementor-element elementor-element-3a6a51e0 elementor-widget elementor-widget-text-editor\" data-id=\"3a6a51e0\" data-element_type=\"widget\" data-widget_type=\"text-editor.default\">\n\t\t\t\t<div class=\"elementor-widget-container\">\n\t\t\t\t\t\t\t\t<div class=\"elementor-text-editor elementor-clearfix\">\n\t\t\t\t<p><span>Les Plantes d&rsquo;Isa pr\u00e8s d\u2019Al\u00e8s est un fournisseur de plantes aromatiques diversifi\u00e9es et de plantes m\u00e9dicinales Bio.<\/span><\/p><p><span>Isabelle Florins, g\u00e9rante de l\u2019herboristerie, s\u2019est lanc\u00e9e dans la production locale et artisanale suite \u00e0 une reconversion r\u00e9ussie. Travaillant anciennement dans la grande distribution, elle a d\u00e9cid\u00e9 de se reconvertir pour revenir \u00e0 l\u2019essentiel et travailler la terre, vendre des produits qui ont vraiment du go\u00fbt et dont elle peut contr\u00f4ler la composition.<\/span><\/p>\t\t\t\t\t<\/div>\n\t\t\t\t\t\t<\/div>\n\t\t\t\t<\/div>\n\t\t\t\t\t\t<\/div>\n\t\t\t\t\t<\/div>\n\t\t<\/div>\n\t\t\t\t\t\t\t\t<\/div>\n\t\t\t\t\t<\/div>\n\t\t<\/section>\n\t\t\t\t<section class=\"elementor-section elementor-top-section elementor-element elementor-element-7f6101f1 elementor-section-content-middle elementor-reverse-mobile elementor-section-stretched elementor-section-boxed elementor-section-height-default elementor-section-height-default\" data-id=\"7f6101f1\" data-element_type=\"section\" data-settings=\"{&quot;background_background&quot;:&quot;classic&quot;,&quot;stretch_section&quot;:&quot;section-stretched&quot;}\">\n\t\t\t\t\t\t<div class=\"elementor-container elementor-column-gap-default\">\n\t\t\t\t\t\t\t<div class=\"elementor-row\">\n\t\t\t\t\t<div class=\"elementor-column elementor-col-50 elementor-top-column elementor-element elementor-element-3f1b19b2\" data-id=\"3f1b19b2\" data-element_type=\"column\">\n\t\t\t<div class=\"elementor-column-wrap elementor-element-populated\">\n\t\t\t\t\t\t\t<div class=\"elementor-widget-wrap\">\n\t\t\t\t\t\t<div class=\"elementor-element elementor-element-2c118485 elementor-widget elementor-widget-text-editor\" data-id=\"2c118485\" data-element_type=\"widget\" data-widget_type=\"text-editor.default\">\n\t\t\t\t<div class=\"elementor-widget-container\">\n\t\t\t\t\t\t\t\t<div class=\"elementor-text-editor elementor-clearfix\">\n\t\t\t\t<p><span>Amoureux des C\u00e9vennes, Isabelle et son mari sont venus habiter dans la r\u00e9gion afin de se lancer dans ce projet fou. Aujourd\u2019hui \u00e9panouie, Isabelle travaille au quotidien \u00e0 la r\u00e9colte et \u00e0 la transformation de ses plantes aromatiques et m\u00e9dicinales, pour en faire des produits sains, locaux et de grande qualit\u00e9. Elle se pr\u00e9sente \u00e9galement aux diff\u00e9rents march\u00e9s locaux pour vendre ses produits et faire d\u00e9couvrir un mode de consommation plus \u00e9thique, sain et en circuit-court \u00e0 sa client\u00e8le. Son petit commerce fonctionne bien et ses produits plaisent, ce qui offre la possibilit\u00e9 \u00e0 Isabelle de bient\u00f4t varier ses gammes pour r\u00e9pondre \u00e0 une demande toujours plus forte.<\/span><\/p><p>Isabelle est passionn\u00e9e et ma\u00eetrise son sujet sur le bout des doigts. Lors de vos achats, elle peut vous expliquer les diff\u00e9rentes fa\u00e7ons dont vous pouvez utiliser ses produits et ses plantes et peut m\u00eame vous en dire davantage sur ses champs et sur son processus de transformation des plantes. N\u2019h\u00e9sitez pas \u00e0 aller \u00e0 sa rencontre sur les diff\u00e9rents<a href=\"https:\/\/lesplantesdisa.fr\/ou-nous-trouver\/\"> march\u00e9s\u00a0<\/a>de la r\u00e9gion, notamment pr\u00e8s d\u2019Anduze, d&rsquo;Al\u00e8s, de Saint-Hippolyte-du-Fort et de Quissac.<\/p>\t\t\t\t\t<\/div>\n\t\t\t\t\t\t<\/div>\n\t\t\t\t<\/div>\n\t\t\t\t\t\t<\/div>\n\t\t\t\t\t<\/div>\n\t\t<\/div>\n\t\t\t\t<div class=\"elementor-column elementor-col-50 elementor-top-column elementor-element elementor-element-2231eb8c\" data-id=\"2231eb8c\" data-element_type=\"column\">\n\t\t\t<div class=\"elementor-column-wrap elementor-element-populated\">\n\t\t\t\t\t\t\t<div class=\"elementor-widget-wrap\">\n\t\t\t\t\t\t<div class=\"elementor-element elementor-element-3466424f elementor-widget elementor-widget-image\" data-id=\"3466424f\" data-element_type=\"widget\" data-widget_type=\"image.default\">\n\t\t\t\t<div class=\"elementor-widget-container\">\n\t\t\t\t\t\t\t\t<div class=\"elementor-image\">\n\t\t\t\t\t\t\t\t\t\t\t\t<img decoding=\"async\" width=\"700\" height=\"500\" src=\"https:\/\/lesplantesdisa.fr\/wp-content\/uploads\/2021\/06\/07.jpg\" class=\"attachment-full size-full\" alt=\"Marjolaine la plantes m\u00e9dicinales bio Al\u00e8s\" srcset=\"https:\/\/lesplantesdisa.fr\/wp-content\/uploads\/2021\/06\/07.jpg 700w, https:\/\/lesplantesdisa.fr\/wp-content\/uploads\/2021\/06\/07-600x429.jpg 600w, https:\/\/lesplantesdisa.fr\/wp-content\/uploads\/2021\/06\/07-300x214.jpg 300w\" sizes=\"(max-width: 700px) 100vw, 700px\" \/>\t\t\t\t\t\t\t\t\t\t\t\t\t\t<\/div>\n\t\t\t\t\t\t<\/div>\n\t\t\t\t<\/div>\n\t\t\t\t\t\t<\/div>\n\t\t\t\t\t<\/div>\n\t\t<\/div>\n\t\t\t\t\t\t\t\t<\/div>\n\t\t\t\t\t<\/div>\n\t\t<\/section>\n\t\t\t\t<section class=\"elementor-section elementor-top-section elementor-element elementor-element-c61d359 elementor-section-stretched elementor-section-boxed elementor-section-height-default elementor-section-height-default\" data-id=\"c61d359\" data-element_type=\"section\" data-settings=\"{&quot;stretch_section&quot;:&quot;section-stretched&quot;,&quot;background_background&quot;:&quot;classic&quot;}\">\n\t\t\t\t\t\t<div class=\"elementor-container elementor-column-gap-default\">\n\t\t\t\t\t\t\t<div class=\"elementor-row\">\n\t\t\t\t\t<div class=\"elementor-column elementor-col-100 elementor-top-column elementor-element elementor-element-2ec762d\" data-id=\"2ec762d\" data-element_type=\"column\" id=\"presentation\">\n\t\t\t<div class=\"elementor-column-wrap elementor-element-populated\">\n\t\t\t\t\t\t\t<div class=\"elementor-widget-wrap\">\n\t\t\t\t\t\t<div class=\"elementor-element elementor-element-9d22eff elementor-widget elementor-widget-text-editor\" data-id=\"9d22eff\" data-element_type=\"widget\" data-widget_type=\"text-editor.default\">\n\t\t\t\t<div class=\"elementor-widget-container\">\n\t\t\t\t\t\t\t\t<div class=\"elementor-text-editor elementor-clearfix\">\n\t\t\t\t<p>Passez votre commande de plantes m\u00e9dicinales ou aromatiques aupr\u00e8s des Plantes d\u2019Isa en <a href=\"https:\/\/lesplantesdisa.fr\/contact\/#ancre\" title=\"Contact\"><strong>contactant<\/strong> <\/a>le\u00a0<a href=\"tel:0609020165\"><strong>06.09.02.01.65<\/strong><\/a>.<\/p>\t\t\t\t\t<\/div>\n\t\t\t\t\t\t<\/div>\n\t\t\t\t<\/div>\n\t\t\t\t\t\t<\/div>\n\t\t\t\t\t<\/div>\n\t\t<\/div>\n\t\t\t\t\t\t\t\t<\/div>\n\t\t\t\t\t<\/div>\n\t\t<\/section>\n\t\t\t\t\t\t<\/div>\n\t\t\t\t\t\t<\/div>\n\t\t\t\t\t<\/div>\n\t\t","protected":false},"excerpt":{"rendered":"<p>Les plantes d&rsquo;IsaPaysanne Herboriste en C\u00e9vennesContactez-nous T\u00e9l\u00e9phone Mail Facebook Herboristerie bio pr\u00e8s d\u2019Al\u00e8s &#8211; Les Plantes d&rsquo;Isa L\u2019herboristerie pr\u00e8s d\u2019Al\u00e8s\u00a0Les Plantes d\u2019Isa\u00a0 est un producteur de plantes aromatiques et m\u00e9dicinales Bio. Vente de plantes m\u00e9dicinales et aromatiques de qualit\u00e9 Les Plantes d&rsquo;Isa pr\u00e8s d\u2019Al\u00e8s est un fournisseur de plantes aromatiques [&hellip;]<\/p>\n","protected":false},"author":27,"featured_media":0,"parent":0,"menu_order":0,"comment_status":"closed","ping_status":"closed","template":"elementor_header_footer","meta":{"_acf_changed":false,"footnotes":""},"class_list":["post-1626","page","type-page","status-publish","hentry"],"acf":[],"aioseo_notices":[],"_links":{"self":[{"href":"https:\/\/lesplantesdisa.fr\/nov-apijson\/wp\/v2\/pages\/1626","targetHints":{"allow":["GET"]}}],"collection":[{"href":"https:\/\/lesplantesdisa.fr\/nov-apijson\/wp\/v2\/pages"}],"about":[{"href":"https:\/\/lesplantesdisa.fr\/nov-apijson\/wp\/v2\/types\/page"}],"author":[{"embeddable":true,"href":"https:\/\/lesplantesdisa.fr\/nov-apijson\/wp\/v2\/users\/27"}],"replies":[{"embeddable":true,"href":"https:\/\/lesplantesdisa.fr\/nov-apijson\/wp\/v2\/comments?post=1626"}],"version-history":[{"count":50,"href":"https:\/\/lesplantesdisa.fr\/nov-apijson\/wp\/v2\/pages\/1626\/revisions"}],"predecessor-version":[{"id":2421,"href":"https:\/\/lesplantesdisa.fr\/nov-apijson\/wp\/v2\/pages\/1626\/revisions\/2421"}],"wp:attachment":[{"href":"https:\/\/lesplantesdisa.fr\/nov-apijson\/wp\/v2\/media?parent=1626"}],"curies":[{"name":"wp","href":"https:\/\/api.w.org\/{rel}","templated":true}]}}